{"id":33541,"date":"2022-09-28T23:10:06","date_gmt":"2022-09-28T21:10:06","guid":{"rendered":"https:\/\/deftech.ch\/?page_id=33541"},"modified":"2022-10-03T17:32:42","modified_gmt":"2022-10-03T15:32:42","slug":"academy","status":"publish","type":"page","link":"https:\/\/deftech.ch\/it\/academy\/","title":{"rendered":"Academy"},"content":{"rendered":"\n\t<section class=\"section\" id=\"section_2103493691\">\n\t\t<div class=\"section-bg fill\" >\n\t\t\t\t\t\t\t\t\t\n\t\t\t\n\n\t\t<\/div>\n\n\t\t\n\n\t\t<div class=\"section-content relative\">\n\t\t\t\n<div class=\"row\"  id=\"row-874650306\">\n\n\t<div id=\"col-765042576\" class=\"col small-12 large-12\"  >\n\t\t\t\t<div class=\"col-inner\"  >\n\t\t\t\n\t\t\t\n<h1 style=\"text-align: center;\"><span style=\"color: #ed1c24; font-size: 1.6em;\"><strong>deftech.academy<\/p>\n<p><\/strong><\/span><\/h1>\n<p class=\"lead\">A prescindere dal loro grado, i <strong>militari<\/strong> si troveranno di fronte a nuove minacce. Opereranno in un contesto nuovo e ancora sconosciuto. Quindi come ci si prepara?<\/p>\n<p class=\"lead\"><strong>deftech.academy<\/strong> \u00e8 un percorso di apprendimento volto a comprendere come avviene il cambiamento e come pu\u00f2 avere un impatto sull&#8217;ambiente militare.<\/p>\n<p class=\"lead\"><strong>deftech.academy<\/strong> \u00e8 anche un esperimento educativo, che intreccia diverse metodologie per fornire esperienze individuali e stimolare gli scambi di gruppo.<\/p>\n\t\t<\/div>\n\t\t\t\t\t<\/div>\n\n\t\n<\/div>\n\t\t<\/div>\n\n\t\t\n<style>\n#section_2103493691 {\n  padding-top: 30px;\n  padding-bottom: 30px;\n}\n<\/style>\n\t<\/section>\n\t\n\n\t<section class=\"section dark\" id=\"section_419901145\">\n\t\t<div class=\"section-bg fill\" >\n\t\t\t\t\t\t\t\t\t\n\t\t\t\n\n\t\t<\/div>\n\n\t\t\n\n\t\t<div class=\"section-content relative\">\n\t\t\t\n<h2>Metodologia : <a href=\"https:\/\/deftech.ch\/fr\/exploration\/\">deftech.exploration | anticipare i cambiamenti radicali<\/a><\/h2>\n\t\t<\/div>\n\n\t\t\n<style>\n#section_419901145 {\n  padding-top: 30px;\n  padding-bottom: 30px;\n  background-color: rgba(249, 8, 8, 0.75);\n}\n<\/style>\n\t<\/section>\n\t\n\t<div id=\"gap-1582480967\" class=\"gap-element clearfix\" style=\"display:block; height:auto;\">\n\t\t\n<style>\n#gap-1582480967 {\n  padding-top: 30px;\n}\n<\/style>\n\t<\/div>\n\t\n\n\t<section class=\"section dark\" id=\"section_435836033\">\n\t\t<div class=\"section-bg fill\" >\n\t\t\t\t\t\t\t\t\t\n\t\t\t\n\n\t\t<\/div>\n\n\t\t\n\n\t\t<div class=\"section-content relative\">\n\t\t\t\n<h2>Metodologia : un&#8217;app di messaggistica \u2193<\/h2>\n\t\t<\/div>\n\n\t\t\n<style>\n#section_435836033 {\n  padding-top: 30px;\n  padding-bottom: 30px;\n  background-color: rgba(249, 8, 8, 0.75);\n}\n<\/style>\n\t<\/section>\n\t\n\t<div id=\"gap-973548717\" class=\"gap-element clearfix\" style=\"display:block; height:auto;\">\n\t\t\n<style>\n#gap-973548717 {\n  padding-top: 55px;\n}\n<\/style>\n\t<\/div>\n\t\n<p style=\"text-align: center;\"><span style=\"color: #ed1c24;\">Durante questa fase pilota, tutto \u00e8 stato fatto esclusivamente in francese.<\/span><br \/>\n<span style=\"color: #ed1c24;\">Se siete interessati o curiosi, non esitate a <strong><a href=\"https:\/\/deftech.ch\/it\/contact\/\"><span style=\"color: #ed1c24;\">contattarc<\/span>i<\/a><\/strong> !<\/span><\/p>\n\n\t<section class=\"section\" id=\"section_363840789\">\n\t\t<div class=\"section-bg fill\" >\n\t\t\t\t\t\t\t\t\t\n\t\t\t\n\n\t\t<\/div>\n\n\t\t\n\n\t\t<div class=\"section-content relative\">\n\t\t\t\n<div class=\"container section-title-container\" ><h1 class=\"section-title section-title-center\"><b aria-hidden=\"true\"><\/b><span class=\"section-title-main\" style=\"font-size:116%;color:rgb(42, 70, 48);\">Introduction - Teaser<\/span><b aria-hidden=\"true\"><\/b><\/h1><\/div>\n\t<div id=\"gap-979745395\" class=\"gap-element clearfix\" style=\"display:block; height:auto;\">\n\t\t\n<style>\n#gap-979745395 {\n  padding-top: 55px;\n}\n<\/style>\n\t<\/div>\n\t\n<div class=\"row row-full-width\"  id=\"row-1926332583\">\n\n\t<div id=\"col-299598307\" class=\"col medium-6 small-12 large-6\"  >\n\t\t\t\t<div class=\"col-inner\"  >\n\t\t\t\n\t\t\t\n<div style=\"width: 1020px;\" class=\"wp-video\"><video class=\"wp-video-shortcode\" id=\"video-33541-1\" width=\"1020\" height=\"574\" preload=\"metadata\" controls=\"controls\"><source type=\"video\/mp4\" src=\"https:\/\/deftech.ch\/wp-content\/uploads\/2022\/09\/deftech-academy15marches__15m-AS-Teaser_v2.mp4?_=1\" \/><a href=\"https:\/\/deftech.ch\/wp-content\/uploads\/2022\/09\/deftech-academy15marches__15m-AS-Teaser_v2.mp4\">https:\/\/deftech.ch\/wp-content\/uploads\/2022\/09\/deftech-academy15marches__15m-AS-Teaser_v2.mp4<\/a><\/video><\/div>\n\t\t<\/div>\n\t\t\t\t\t<\/div>\n\n\t\n\n\t<div id=\"col-1674284508\" class=\"col medium-6 small-12 large-6\"  >\n\t\t\t\t<div class=\"col-inner\"  >\n\t\t\t\n\t\t\t\n<p><span style=\"font-weight: 400;\">Con\u00e7u pour renouer avec le <strong>plaisir d\u2019apprendre<\/strong> en s\u2019ins\u00e9rant dans les usages d&#8217;aujourd&#8217;hui, ce parcours se d\u00e9roule en ligne et de mani\u00e8re <strong>asynchrone<\/strong> dans une <strong>application de messagerie<\/strong>. <\/span><\/p>\n<p><span style=\"font-weight: 400;\">Il m\u00eale vid\u00e9os, questions de r\u00e9flexions et ressources pour aller plus loin.<\/span><\/p>\n<p style=\"text-align: center;\"><span style=\"color: #ff0000;\"><strong><a style=\"color: #ff0000;\" href=\"https:\/\/atelierdesfuturs.org\/q093-une-app-de-messagerie-comme-vecteur-dapprentissage\/\">D\u00e9couvrez notre retour d\u2019exp\u00e9rience !<\/a><\/strong><\/span><\/p>\n\t\t<\/div>\n\t\t\t\t\t<\/div>\n\n\t\n<\/div>\n<p><strong>Le parcours d\u2019apprentissage en quelques extraits<\/strong><\/p>\n<p>Ce parcours s\u2019articule en trois parties que l\u2019apprenant\u00b7e parcourera pour envisager le futur du soldat : <strong>comprendre<\/strong> les grands cycles d\u2019innovation, <strong>analyser<\/strong> les principales \u00e9volutions technologiques pour l\u2019arm\u00e9e et <strong>savoir d\u00e9crypter<\/strong> tendances et signaux faibles.<\/p>\n\t\t<\/div>\n\n\t\t\n<style>\n#section_363840789 {\n  padding-top: 30px;\n  padding-bottom: 30px;\n}\n<\/style>\n\t<\/section>\n\t\n\n\t<section class=\"section\" id=\"section_2055579716\">\n\t\t<div class=\"section-bg fill\" >\n\t\t\t\t\t\t\t\t\t\n\t\t\t\n\n\t\t<\/div>\n\n\t\t\n\n\t\t<div class=\"section-content relative\">\n\t\t\t\n<div class=\"row\"  id=\"row-1379169653\">\n\n\t<div id=\"col-1164861729\" class=\"col medium-4 small-12 large-4\"  >\n\t\t\t\t<div class=\"col-inner\"  >\n\t\t\t\n\t\t\t\n\t<div class=\"img has-hover x md-x lg-x y md-y lg-y\" id=\"image_913394764\">\n\t\t<a class=\"\" href=\"#cycles\" >\t\t\t\t\t\t<div class=\"img-inner dark\" >\n\t\t\t<img loading=\"lazy\" decoding=\"async\" width=\"1020\" height=\"1020\" src=\"https:\/\/deftech.ch\/wp-content\/uploads\/2022\/09\/Comprendre-les-cycles-d-innovation-1024x1024.jpg\" class=\"attachment-large size-large\" alt=\"\" srcset=\"https:\/\/deftech.ch\/wp-content\/uploads\/2022\/09\/Comprendre-les-cycles-d-innovation-1024x1024.jpg 1024w, https:\/\/deftech.ch\/wp-content\/uploads\/2022\/09\/Comprendre-les-cycles-d-innovation-300x300.jpg 300w, https:\/\/deftech.ch\/wp-content\/uploads\/2022\/09\/Comprendre-les-cycles-d-innovation-150x150.jpg 150w, https:\/\/deftech.ch\/wp-content\/uploads\/2022\/09\/Comprendre-les-cycles-d-innovation-768x768.jpg 768w, https:\/\/deftech.ch\/wp-content\/uploads\/2022\/09\/Comprendre-les-cycles-d-innovation-1536x1536.jpg 1536w, https:\/\/deftech.ch\/wp-content\/uploads\/2022\/09\/Comprendre-les-cycles-d-innovation.jpg 1748w\" sizes=\"auto, (max-width: 1020px) 100vw, 1020px\" \/>\t\t\t\t\t\t\n\t\t\t\t\t<\/div>\n\t\t\t\t\t\t<\/a>\t\t\n<style>\n#image_913394764 {\n  width: 100%;\n}\n<\/style>\n\t<\/div>\n\t\n\t\t<\/div>\n\t\t\t\t\t<\/div>\n\n\t\n\n\t<div id=\"col-1917514658\" class=\"col medium-4 small-12 large-4\"  >\n\t\t\t\t<div class=\"col-inner\"  >\n\t\t\t\n\t\t\t\n\t<div class=\"img has-hover x md-x lg-x y md-y lg-y\" id=\"image_1224532591\">\n\t\t<a class=\"\" href=\"#evolutions\" >\t\t\t\t\t\t<div class=\"img-inner dark\" >\n\t\t\t<img loading=\"lazy\" decoding=\"async\" width=\"1020\" height=\"1020\" src=\"https:\/\/deftech.ch\/wp-content\/uploads\/2022\/09\/Comprendre-les-evolutions-technologiques-1024x1024.jpg\" class=\"attachment-large size-large\" alt=\"\" srcset=\"https:\/\/deftech.ch\/wp-content\/uploads\/2022\/09\/Comprendre-les-evolutions-technologiques-1024x1024.jpg 1024w, https:\/\/deftech.ch\/wp-content\/uploads\/2022\/09\/Comprendre-les-evolutions-technologiques-300x300.jpg 300w, https:\/\/deftech.ch\/wp-content\/uploads\/2022\/09\/Comprendre-les-evolutions-technologiques-150x150.jpg 150w, https:\/\/deftech.ch\/wp-content\/uploads\/2022\/09\/Comprendre-les-evolutions-technologiques-768x769.jpg 768w, https:\/\/deftech.ch\/wp-content\/uploads\/2022\/09\/Comprendre-les-evolutions-technologiques-1534x1536.jpg 1534w, https:\/\/deftech.ch\/wp-content\/uploads\/2022\/09\/Comprendre-les-evolutions-technologiques.jpg 1720w\" sizes=\"auto, (max-width: 1020px) 100vw, 1020px\" \/>\t\t\t\t\t\t\n\t\t\t\t\t<\/div>\n\t\t\t\t\t\t<\/a>\t\t\n<style>\n#image_1224532591 {\n  width: 100%;\n}\n<\/style>\n\t<\/div>\n\t\n\t\t<\/div>\n\t\t\t\t\t<\/div>\n\n\t\n\n\t<div id=\"col-1919180924\" class=\"col medium-4 small-12 large-4\"  >\n\t\t\t\t<div class=\"col-inner\"  >\n\t\t\t\n\t\t\t\n\t<div class=\"img has-hover x md-x lg-x y md-y lg-y\" id=\"image_1289125382\">\n\t\t<a class=\"\" href=\"#tendances\" >\t\t\t\t\t\t<div class=\"img-inner dark\" >\n\t\t\t<img loading=\"lazy\" decoding=\"async\" width=\"1020\" height=\"1020\" src=\"https:\/\/deftech.ch\/wp-content\/uploads\/2022\/09\/Decrypter-les-tendances-1024x1024.jpg\" class=\"attachment-large size-large\" alt=\"\" srcset=\"https:\/\/deftech.ch\/wp-content\/uploads\/2022\/09\/Decrypter-les-tendances-1024x1024.jpg 1024w, https:\/\/deftech.ch\/wp-content\/uploads\/2022\/09\/Decrypter-les-tendances-300x300.jpg 300w, https:\/\/deftech.ch\/wp-content\/uploads\/2022\/09\/Decrypter-les-tendances-150x150.jpg 150w, https:\/\/deftech.ch\/wp-content\/uploads\/2022\/09\/Decrypter-les-tendances-768x767.jpg 768w, https:\/\/deftech.ch\/wp-content\/uploads\/2022\/09\/Decrypter-les-tendances-1536x1534.jpg 1536w, https:\/\/deftech.ch\/wp-content\/uploads\/2022\/09\/Decrypter-les-tendances.jpg 1720w\" sizes=\"auto, (max-width: 1020px) 100vw, 1020px\" \/>\t\t\t\t\t\t\n\t\t\t\t\t<\/div>\n\t\t\t\t\t\t<\/a>\t\t\n<style>\n#image_1289125382 {\n  width: 100%;\n}\n<\/style>\n\t<\/div>\n\t\n\t\t<\/div>\n\t\t\t\t\t<\/div>\n\n\t\n<\/div>\n\t\t<\/div>\n\n\t\t\n<style>\n#section_2055579716 {\n  padding-top: 30px;\n  padding-bottom: 30px;\n}\n<\/style>\n\t<\/section>\n\t\n\n\t<section class=\"section\" id=\"section_1371806243\">\n\t\t<div class=\"section-bg fill\" >\n\t\t\t\t\t\t\t\t\t\n\t\t\t\n\n\t\t<\/div>\n\n\t\t\n\n\t\t<div class=\"section-content relative\">\n\t\t\t\n<span class=\"scroll-to\" data-label=\"Scroll to: #cycles\" data-bullet=\"true\" data-link=\"#cycles\" data-title=\"Les cycles d&#039;innovation\"><a name=\"cycles\"><\/a><\/span>\n<div class=\"container section-title-container\" ><h1 class=\"section-title section-title-center\"><b aria-hidden=\"true\"><\/b><span class=\"section-title-main\" style=\"font-size:116%;color:rgb(42, 70, 48);\">Les cycles d'innovation<\/span><b aria-hidden=\"true\"><\/b><\/h1><\/div>\n<p><span style=\"font-weight: 400;\">500 ans d\u2019innovations nous regardent : prenons le temps d\u2019en comprendre les principaux cycles et grands principes.<\/span><\/p>\n<div class=\"row row-full-width\"  id=\"row-1399056109\">\n\n\t<div id=\"col-2030546295\" class=\"col medium-6 small-12 large-6\"  >\n\t\t\t\t<div class=\"col-inner\"  >\n\t\t\t\n\t\t\t\n<div style=\"width: 1020px;\" class=\"wp-video\"><video class=\"wp-video-shortcode\" id=\"video-33541-2\" width=\"1020\" height=\"1020\" preload=\"metadata\" controls=\"controls\"><source type=\"video\/mp4\" src=\"https:\/\/deftech.ch\/wp-content\/uploads\/2022\/09\/deftech-academy15marches__01-Imprimerie.mp4?_=2\" \/><a href=\"https:\/\/deftech.ch\/wp-content\/uploads\/2022\/09\/deftech-academy15marches__01-Imprimerie.mp4\">https:\/\/deftech.ch\/wp-content\/uploads\/2022\/09\/deftech-academy15marches__01-Imprimerie.mp4<\/a><\/video><\/div>\n\t<div id=\"gap-1374379449\" class=\"gap-element clearfix\" style=\"display:block; height:auto;\">\n\t\t\n<style>\n#gap-1374379449 {\n  padding-top: 30px;\n}\n<\/style>\n\t<\/div>\n\t\n<p style=\"text-align: center;\"><a href=\"https:\/\/15marches.fr\/numerique\/gutenberg\">Version \u00e0 lire<\/a><\/p>\n\t\t<\/div>\n\t\t\t\t\t<\/div>\n\n\t\n\n\t<div id=\"col-1473296642\" class=\"col medium-6 small-12 large-6\"  >\n\t\t\t\t<div class=\"col-inner\"  >\n\t\t\t\n\t\t\t\n<h1><span style=\"color: #ff0000;\">1. La combinaison des technologies<\/span><\/h1>\n<p>Il y a tr\u00e8s peu de technologies qui r\u00e9solvent par elles-m\u00eames de grands probl\u00e8mes de l\u2019humanit\u00e9; c\u2019est la capacit\u00e9 \u00e0 marier des technologies entre elles qui permet de cr\u00e9er des r\u00e9volutions. En revanche, quand cela arrive il est tr\u00e8s difficile d\u2019imaginer l\u2019ampleur des bouleversements qui vont bien au-del\u00e0 des premiers probl\u00e8mes que l\u2019on cherchait \u00e0 r\u00e9soudre.<\/p>\n<p><strong>&gt; L\u2019exemple de l\u2019imprimerie<\/strong><\/p>\n<p>Le saviez-vous ? L\u2019imprimerie moderne a \u00e9t\u00e9 invent\u00e9e en utilisant 3 technologies d\u00e9j\u00e0 disponibles depuis des si\u00e8cles. En plus, elle a non seulement r\u00e9volutionn\u00e9 la mani\u00e8re de diffuser des livres, mais a eu des effets \u00e0 long terme inimaginables lors de sa cr\u00e9ation. De quoi regarder aujourd\u2019hui internet avec d\u2019autres yeux\u2026<\/p>\n\t\t<\/div>\n\t\t\t\t\t<\/div>\n\n\t\n\n<style>\n#row-1399056109 > .col > .col-inner {\n  padding: 30px 0px 0px 0px;\n}\n<\/style>\n<\/div>\n\t\t<\/div>\n\n\t\t\n<style>\n#section_1371806243 {\n  padding-top: 30px;\n  padding-bottom: 30px;\n}\n<\/style>\n\t<\/section>\n\t\n\n\t<section class=\"section\" id=\"section_1989018995\">\n\t\t<div class=\"section-bg fill\" >\n\t\t\t\t\t\t\t\t\t\n\t\t\t\n\n\t\t<\/div>\n\n\t\t\n\n\t\t<div class=\"section-content relative\">\n\t\t\t\n<div class=\"row row-full-width\"  id=\"row-68574711\">\n\n\t<div id=\"col-2039054868\" class=\"col medium-6 small-12 large-6\"  >\n\t\t\t\t<div class=\"col-inner\"  >\n\t\t\t\n\t\t\t\n<h1><span style=\"color: #ff0000;\">2. La fin de l\u2019innovation par en haut<\/span><\/h1>\n<p>Dans un monde o\u00f9 une grande majorit\u00e9 de la population a acc\u00e8s aux principales technologies, il devient tr\u00e8s difficile d\u2019innover par les m\u00e9thodes traditionnelles : centralis\u00e9es, planifi\u00e9es, incr\u00e9mentales. C\u2019est la fin de \u201cl&#8217;innovation qui vient d\u2019en haut\u201d : elle ne s\u2019impose plus, mais se constate dans l\u2019adoption de masse par les utilisateurs. Il faut apprendre \u00e0 concevoir \u00e0 partir des utilisateurs, et ensuite amener ces produits sur le march\u00e9. Cela passe souvent par l\u2019utilisation d\u2019<strong>innovations de rupture<\/strong> (disruptive technologies).<\/p>\n<p><strong>&gt; Tesla et la disruption<\/strong><\/p>\n<p>Tesla est devenue le symbole du futur de l\u2019automobile. Mais en y regardant bien, aucune des innovations que la marque am\u00e9ricaine a popularis\u00e9 n\u2019est en mesure de lui assurer une position h\u00e9g\u00e9monique. L\u2019occasion de revisiter le concept d\u2019innovation de rupture.<\/p>\n\t\t<\/div>\n\t\t\t\t\t<\/div>\n\n\t\n\n\t<div id=\"col-1210291729\" class=\"col medium-6 small-12 large-6\"  >\n\t\t\t\t<div class=\"col-inner\"  >\n\t\t\t\n\t\t\t\n<div style=\"width: 1020px;\" class=\"wp-video\"><video class=\"wp-video-shortcode\" id=\"video-33541-3\" width=\"1020\" height=\"1020\" preload=\"metadata\" controls=\"controls\"><source type=\"video\/mp4\" src=\"https:\/\/deftech.ch\/wp-content\/uploads\/2022\/09\/deftech-academy15marches__05-Tesla.mp4?_=3\" \/><a href=\"https:\/\/deftech.ch\/wp-content\/uploads\/2022\/09\/deftech-academy15marches__05-Tesla.mp4\">https:\/\/deftech.ch\/wp-content\/uploads\/2022\/09\/deftech-academy15marches__05-Tesla.mp4<\/a><\/video><\/div>\n\t\t<\/div>\n\t\t\t\t\t<\/div>\n\n\t\n\n<style>\n#row-68574711 > .col > .col-inner {\n  padding: 30px 0px 0px 0px;\n}\n<\/style>\n<\/div>\n\t\t<\/div>\n\n\t\t\n<style>\n#section_1989018995 {\n  padding-top: 30px;\n  padding-bottom: 30px;\n  background-color: rgba(237, 19, 19, 0.07);\n}\n<\/style>\n\t<\/section>\n\t\n\n\t<section class=\"section\" id=\"section_1728009777\">\n\t\t<div class=\"section-bg fill\" >\n\t\t\t\t\t\t\t\t\t\n\t\t\t\n\n\t\t<\/div>\n\n\t\t\n\n\t\t<div class=\"section-content relative\">\n\t\t\t\n<div class=\"row row-full-width\"  id=\"row-236814853\">\n\n\t<div id=\"col-969323121\" class=\"col medium-6 small-12 large-6\"  >\n\t\t\t\t<div class=\"col-inner\"  >\n\t\t\t\n\t\t\t\n<div style=\"width: 1020px;\" class=\"wp-video\"><video class=\"wp-video-shortcode\" id=\"video-33541-4\" width=\"1020\" height=\"1020\" preload=\"metadata\" controls=\"controls\"><source type=\"video\/mp4\" src=\"https:\/\/deftech.ch\/wp-content\/uploads\/2022\/09\/deftech-academy15marches__06-Darpa.mp4?_=4\" \/><a href=\"https:\/\/deftech.ch\/wp-content\/uploads\/2022\/09\/deftech-academy15marches__06-Darpa.mp4\">https:\/\/deftech.ch\/wp-content\/uploads\/2022\/09\/deftech-academy15marches__06-Darpa.mp4<\/a><\/video><\/div>\n\t\t<\/div>\n\t\t\t\t\t<\/div>\n\n\t\n\n\t<div id=\"col-2068507046\" class=\"col medium-6 small-12 large-6\"  >\n\t\t\t\t<div class=\"col-inner\"  >\n\t\t\t\n\t\t\t\n<h2><span style=\"color: #ff0000;\">3. Le cycle de vie du produit innovant<\/span><\/h2>\n<p>Un des paradoxes de la p\u00e9riode la plus r\u00e9cente est que les innovations se d\u00e9ploient plus vite dans la population pour des usages \u201cpriv\u00e9s\u201d comme l\u2019information, la culture et la consommation, que pour les entreprises et les organisations constitu\u00e9es comme les administrations ou l\u2019\u00e9ducation. Le cycle de vie d\u2019un produit innovant est diff\u00e9rent dans le second cas, plus complexe et risqu\u00e9.<\/p>\n<p><strong>&gt; DARPA Challenge 2004 et le v\u00e9hicule autonome<\/strong><\/p>\n<p>La voiture autonome contemporaine est n\u00e9e dans le d\u00e9sert du Nevada en 2004, gr\u00e2ce \u00e0 l\u2019audace des organisateurs d\u2019une course de \u201cfous sans volant\u201d, sous l\u2019\u00e9gide du DARPA am\u00e9ricain. Un mod\u00e8le d\u2019innovation ouverte.<\/p>\n\t\t<\/div>\n\t\t\t\t\t<\/div>\n\n\t\n\n<style>\n#row-236814853 > .col > .col-inner {\n  padding: 30px 0px 0px 0px;\n}\n<\/style>\n<\/div>\n<p><em><strong>Pour compl\u00e9ter vos connaissances, quelques cas d&#8217;\u00e9tudes fort int\u00e9ressants:<\/strong><\/em><\/p>\n<div class=\"row\"  id=\"row-1925407035\">\n\n\t<div id=\"col-878207322\" class=\"col medium-3 small-6 large-3\"  >\n\t\t\t\t<div class=\"col-inner\"  >\n\t\t\t\n\t\t\t\n<div style=\"width: 1020px;\" class=\"wp-video\"><video class=\"wp-video-shortcode\" id=\"video-33541-5\" width=\"1020\" height=\"1020\" preload=\"metadata\" controls=\"controls\"><source type=\"video\/mp4\" src=\"https:\/\/deftech.ch\/wp-content\/uploads\/2022\/09\/deftech-academy15marches__02-Container.mp4?_=5\" \/><a href=\"https:\/\/deftech.ch\/wp-content\/uploads\/2022\/09\/deftech-academy15marches__02-Container.mp4\">https:\/\/deftech.ch\/wp-content\/uploads\/2022\/09\/deftech-academy15marches__02-Container.mp4<\/a><\/video><\/div>\n<h2 style=\"text-align: center;\"><span style=\"color: #ff0000;\"><strong>Le container<\/strong><\/span><\/h2>\n\t\t<\/div>\n\t\t\t\t\t<\/div>\n\n\t\n\n\t<div id=\"col-1934888465\" class=\"col medium-3 small-6 large-3\"  >\n\t\t\t\t<div class=\"col-inner\"  >\n\t\t\t\n\t\t\t\n<div style=\"width: 1020px;\" class=\"wp-video\"><video class=\"wp-video-shortcode\" id=\"video-33541-6\" width=\"1020\" height=\"1020\" preload=\"metadata\" controls=\"controls\"><source type=\"video\/mp4\" src=\"https:\/\/deftech.ch\/wp-content\/uploads\/2022\/09\/deftech-academy15marches__08-Nokia.mp4?_=6\" \/><a href=\"https:\/\/deftech.ch\/wp-content\/uploads\/2022\/09\/deftech-academy15marches__08-Nokia.mp4\">https:\/\/deftech.ch\/wp-content\/uploads\/2022\/09\/deftech-academy15marches__08-Nokia.mp4<\/a><\/video><\/div>\n<h2 style=\"text-align: center;\"><span style=\"color: #ff0000;\"><strong>Nokia<\/strong><\/span><\/h2>\n\t\t<\/div>\n\t\t\t\t\t<\/div>\n\n\t\n\n\t<div id=\"col-1910884052\" class=\"col medium-3 small-6 large-3\"  >\n\t\t\t\t<div class=\"col-inner\"  >\n\t\t\t\n\t\t\t\n<div style=\"width: 1020px;\" class=\"wp-video\"><video class=\"wp-video-shortcode\" id=\"video-33541-7\" width=\"1020\" height=\"1020\" preload=\"metadata\" controls=\"controls\"><source type=\"video\/mp4\" src=\"https:\/\/deftech.ch\/wp-content\/uploads\/2022\/09\/deftech-academy15marches__07-Wifi.mp4?_=7\" \/><a href=\"https:\/\/deftech.ch\/wp-content\/uploads\/2022\/09\/deftech-academy15marches__07-Wifi.mp4\">https:\/\/deftech.ch\/wp-content\/uploads\/2022\/09\/deftech-academy15marches__07-Wifi.mp4<\/a><\/video><\/div>\n<h2 style=\"text-align: center;\"><span style=\"color: #ff0000;\"><strong>Le Wifi<\/strong><\/span><\/h2>\n\t\t<\/div>\n\t\t\t\t\t<\/div>\n\n\t\n\n\t<div id=\"col-580663835\" class=\"col medium-3 small-6 large-3\"  >\n\t\t\t\t<div class=\"col-inner\"  >\n\t\t\t\n\t\t\t\n<div style=\"width: 1020px;\" class=\"wp-video\"><video class=\"wp-video-shortcode\" id=\"video-33541-8\" width=\"1020\" height=\"1020\" preload=\"metadata\" controls=\"controls\"><source type=\"video\/mp4\" src=\"https:\/\/deftech.ch\/wp-content\/uploads\/2022\/09\/deftech-academy15marches__04-Insuline.mp4?_=8\" \/><a href=\"https:\/\/deftech.ch\/wp-content\/uploads\/2022\/09\/deftech-academy15marches__04-Insuline.mp4\">https:\/\/deftech.ch\/wp-content\/uploads\/2022\/09\/deftech-academy15marches__04-Insuline.mp4<\/a><\/video><\/div>\n<h2 style=\"text-align: center;\"><span style=\"color: #ff0000;\"><strong>L&#8217;insuline<\/strong><\/span><\/h2>\n\t\t<\/div>\n\t\t\t\t\t<\/div>\n\n\t\n\n\t<div id=\"col-775976983\" class=\"col medium-3 small-6 large-3\"  >\n\t\t\t\t<div class=\"col-inner\"  >\n\t\t\t\n\t\t\t\n<div style=\"width: 1020px;\" class=\"wp-video\"><video class=\"wp-video-shortcode\" id=\"video-33541-9\" width=\"1020\" height=\"1020\" preload=\"metadata\" controls=\"controls\"><source type=\"video\/mp4\" src=\"https:\/\/deftech.ch\/wp-content\/uploads\/2022\/09\/deftech-academy15marches__03-PalmPilot.mp4?_=9\" \/><a href=\"https:\/\/deftech.ch\/wp-content\/uploads\/2022\/09\/deftech-academy15marches__03-PalmPilot.mp4\">https:\/\/deftech.ch\/wp-content\/uploads\/2022\/09\/deftech-academy15marches__03-PalmPilot.mp4<\/a><\/video><\/div>\n<h2 style=\"text-align: center;\"><span style=\"color: #ff0000;\"><strong>PalmPilot<\/strong><\/span><\/h2>\n\t\t<\/div>\n\t\t\t\t\t<\/div>\n\n\t\n<\/div>\n\t<div id=\"gap-63205658\" class=\"gap-element clearfix\" style=\"display:block; height:auto;\">\n\t\t\n<style>\n#gap-63205658 {\n  padding-top: 55px;\n}\n<\/style>\n\t<\/div>\n\t\n\t\t<\/div>\n\n\t\t\n<style>\n#section_1728009777 {\n  padding-top: 30px;\n  padding-bottom: 30px;\n}\n<\/style>\n\t<\/section>\n\t\n\n\t<section class=\"section\" id=\"section_1679929199\">\n\t\t<div class=\"section-bg fill\" >\n\t\t\t\t\t\t\t\t\t\n\t\t\t\n\n\t\t<\/div>\n\n\t\t\n\n\t\t<div class=\"section-content relative\">\n\t\t\t\n<span class=\"scroll-to\" data-label=\"Scroll to: #evolutions\" data-bullet=\"true\" data-link=\"#evolutions\" data-title=\"Les \u00e9volutions technologiques\"><a name=\"evolutions\"><\/a><\/span>\n<div class=\"container section-title-container\" ><h1 class=\"section-title section-title-center\"><b aria-hidden=\"true\"><\/b><span class=\"section-title-main\" style=\"font-size:116%;color:rgb(42, 70, 48);\">Les \u00e9volutions technologiques<\/span><b aria-hidden=\"true\"><\/b><\/h1><\/div>\n<p>Qu\u2019est-ce qui se profile \u00e0 l\u2019horizon en termes de technologies ?<br \/>\nQuentin, responsable prospective technologique d\u2019armasuisse Sciences et Technologies, vous guidera pour d\u00e9crypter les technologies qui pourraient venir bouleverser le soldat et l\u2019arm\u00e9e du futur.<\/p>\n<div class=\"row row-full-width\"  id=\"row-1331094084\">\n\n\t<div id=\"col-1289525087\" class=\"col medium-6 small-12 large-6\"  >\n\t\t\t\t<div class=\"col-inner\"  >\n\t\t\t\n\t\t\t\n<div style=\"width: 1020px;\" class=\"wp-video\"><video class=\"wp-video-shortcode\" id=\"video-33541-10\" width=\"1020\" height=\"1020\" preload=\"metadata\" controls=\"controls\"><source type=\"video\/mp4\" src=\"https:\/\/deftech.ch\/wp-content\/uploads\/2022\/09\/deftech-academy15marches__01.-Prospective.mp4?_=10\" \/><a href=\"https:\/\/deftech.ch\/wp-content\/uploads\/2022\/09\/deftech-academy15marches__01.-Prospective.mp4\">https:\/\/deftech.ch\/wp-content\/uploads\/2022\/09\/deftech-academy15marches__01.-Prospective.mp4<\/a><\/video><\/div>\n\t\t<\/div>\n\t\t\t\t\t<\/div>\n\n\t\n\n\t<div id=\"col-1330192055\" class=\"col medium-6 small-12 large-6\"  >\n\t\t\t\t<div class=\"col-inner\"  >\n\t\t\t\n\t\t\t\n<h1><span style=\"color: #ff0000;\">1. Introduction \u00e0 la prospective<\/span><\/h1>\n<p>La prospective sert \u00e0 anticiper et \u00e0 pr\u00e9parer le futur. Comment l\u2019Arm\u00e9e s\u2019empare-t-elle de cette discipline ?<\/p>\n<p>\u00c0 l\u2019interface entre imagination, science-fiction et innovation, cette discipline est&#8230;plus pr\u00e9visible qu&#8217;il n&#8217;y para\u00eet. Cette video vous explique ce qu&#8217;est la prospective et comment l&#8217;utiliser. En route pour le futur !<\/p>\n\t\t<\/div>\n\t\t\t\t\t<\/div>\n\n\t\n\n<style>\n#row-1331094084 > .col > .col-inner {\n  padding: 30px 0px 0px 0px;\n}\n<\/style>\n<\/div>\n\t\t<\/div>\n\n\t\t\n<style>\n#section_1679929199 {\n  padding-top: 30px;\n  padding-bottom: 30px;\n}\n<\/style>\n\t<\/section>\n\t\n\n\t<section class=\"section\" id=\"section_1600336895\">\n\t\t<div class=\"section-bg fill\" >\n\t\t\t\t\t\t\t\t\t\n\t\t\t\n\n\t\t<\/div>\n\n\t\t\n\n\t\t<div class=\"section-content relative\">\n\t\t\t\n<div class=\"row row-full-width\"  id=\"row-1287784832\">\n\n\t<div id=\"col-1809525034\" class=\"col medium-6 small-12 large-6\"  >\n\t\t\t\t<div class=\"col-inner\"  >\n\t\t\t\n\t\t\t\n<h1><span style=\"color: #ff0000;\">2. D\u00e9cryptage de technologies cl\u00e9s<\/span><\/h1>\n<p>D\u00e9cryptons ensemble trois technologies cl\u00e9s dans cette approche de prospective technologique. Pour chacune d\u2019entre elles, nous verrons ensemble en quoi consiste cette technologie, son potentiel et les \u00e9ventuels freins, le risque couru par l\u2019Arm\u00e9e si cette technologie est ignor\u00e9e ou peu connue, et dans quelle mesure cette technologie est acceptable socialement. Une revue \u00e0 360 de trois technologies cl\u00e9s pour le soldat de demain !<\/p>\n<p><strong>&gt; Le soldat augment\u00e9 : mythe ou r\u00e9alit\u00e9 ?<\/strong><\/p>\n<p>Quand on parle de l&#8217;arm\u00e9e du futur, on pense \u00e9videmment \u00e0 de super-pouvoirs qui am\u00e9liorent, renforcent ou prot\u00e8gent le soldat. Cette vid\u00e9o balaie les diff\u00e9rentes sortes d&#8217;augmentation, les opportunit\u00e9s et risques associ\u00e9s et bien s\u00fbr les conditions de leur acceptabilit\u00e9.<\/p>\n\t\t<\/div>\n\t\t\t\t\t<\/div>\n\n\t\n\n\t<div id=\"col-1230986763\" class=\"col medium-6 small-12 large-6\"  >\n\t\t\t\t<div class=\"col-inner\"  >\n\t\t\t\n\t\t\t\n<div style=\"width: 1020px;\" class=\"wp-video\"><video class=\"wp-video-shortcode\" id=\"video-33541-11\" width=\"1020\" height=\"1020\" preload=\"metadata\" controls=\"controls\"><source type=\"video\/mp4\" src=\"https:\/\/deftech.ch\/wp-content\/uploads\/2022\/09\/deftech-academy15marches__Q02-Soldataugmente.mp4?_=11\" \/><a href=\"https:\/\/deftech.ch\/wp-content\/uploads\/2022\/09\/deftech-academy15marches__Q02-Soldataugmente.mp4\">https:\/\/deftech.ch\/wp-content\/uploads\/2022\/09\/deftech-academy15marches__Q02-Soldataugmente.mp4<\/a><\/video><\/div>\n\t<div id=\"gap-1762161251\" class=\"gap-element clearfix\" style=\"display:block; height:auto;\">\n\t\t\n<style>\n#gap-1762161251 {\n  padding-top: 30px;\n}\n<\/style>\n\t<\/div>\n\t\n<p>Pour aller plus loin:<\/p>\n<ul>\n<li><a href=\"https:\/\/soldat-du-futur.com\/le-livre-saison-1\/\">Le Soldat du Futur<\/a><\/li>\n<li><a href=\"https:\/\/deftech.ch\/wp-content\/uploads\/2022\/08\/01-soldat-augmente_deftech-exploration_FR-web.pdf\">Le Soldat Augment\u00e9<\/a> (<a href=\"https:\/\/deftech.ch\/fr\/exploration\/\">deftech.exploration<\/a>)<\/li>\n<\/ul>\n\t\t<\/div>\n\t\t\t\t\t<\/div>\n\n\t\n\n<style>\n#row-1287784832 > .col > .col-inner {\n  padding: 30px 0px 0px 0px;\n}\n<\/style>\n<\/div>\n<div class=\"row row-full-width\"  id=\"row-266302419\">\n\n\t<div id=\"col-236676531\" class=\"col medium-6 small-12 large-6\"  >\n\t\t\t\t<div class=\"col-inner\"  >\n\t\t\t\n\t\t\t\n<p><strong>&gt; La biologie de synth\u00e8se<\/strong><\/p>\n<p>Symbole de la puissance de l&#8217;homme sur son environnement, la biologie de synth\u00e8se fascine autant qu&#8217;elle inqui\u00e8te. Quentin balaie les diff\u00e9rents cas d&#8217;usage et pr\u00e9conise une approche adapt\u00e9e aux enjeux de contr\u00f4le et de responsabilit\u00e9 de ces technologies.<\/p>\n\t\t<\/div>\n\t\t\t\t\t<\/div>\n\n\t\n\n\t<div id=\"col-1723150150\" class=\"col medium-6 small-12 large-6\"  >\n\t\t\t\t<div class=\"col-inner\"  >\n\t\t\t\n\t\t\t\n<div style=\"width: 1020px;\" class=\"wp-video\"><video class=\"wp-video-shortcode\" id=\"video-33541-12\" width=\"1020\" height=\"1020\" preload=\"metadata\" controls=\"controls\"><source type=\"video\/mp4\" src=\"https:\/\/deftech.ch\/wp-content\/uploads\/2022\/09\/deftech-academy15marches__Q04-Biologie.mp4?_=12\" \/><a href=\"https:\/\/deftech.ch\/wp-content\/uploads\/2022\/09\/deftech-academy15marches__Q04-Biologie.mp4\">https:\/\/deftech.ch\/wp-content\/uploads\/2022\/09\/deftech-academy15marches__Q04-Biologie.mp4<\/a><\/video><\/div>\n\t\t<\/div>\n\t\t\t\t\t<\/div>\n\n\t\n\n<style>\n#row-266302419 > .col > .col-inner {\n  padding: 30px 0px 0px 0px;\n}\n<\/style>\n<\/div>\n<div class=\"row row-full-width\"  id=\"row-1470466149\">\n\n\t<div id=\"col-361434505\" class=\"col medium-6 small-12 large-6\"  >\n\t\t\t\t<div class=\"col-inner\"  >\n\t\t\t\n\t\t\t\n<p><strong>&gt; La robotisation du champ de bataille<\/strong><\/p>\n<p>Qu&#8217;elle prenne une forme humaine comme dans la science-fiction ou se glisse dans les \u00e9quipements du soldat, la robotisation progresse et questionne la place et le r\u00f4le du soldat.<\/p>\n\t\t<\/div>\n\t\t\t\t\t<\/div>\n\n\t\n\n\t<div id=\"col-1698239984\" class=\"col medium-6 small-12 large-6\"  >\n\t\t\t\t<div class=\"col-inner\"  >\n\t\t\t\n\t\t\t\n<div style=\"width: 1020px;\" class=\"wp-video\"><video class=\"wp-video-shortcode\" id=\"video-33541-13\" width=\"1020\" height=\"1020\" preload=\"metadata\" controls=\"controls\"><source type=\"video\/mp4\" src=\"https:\/\/deftech.ch\/wp-content\/uploads\/2022\/09\/deftech-academy15marches__Q03-Robotisation.mp4?_=13\" \/><a href=\"https:\/\/deftech.ch\/wp-content\/uploads\/2022\/09\/deftech-academy15marches__Q03-Robotisation.mp4\">https:\/\/deftech.ch\/wp-content\/uploads\/2022\/09\/deftech-academy15marches__Q03-Robotisation.mp4<\/a><\/video><\/div>\n\t\t<\/div>\n\t\t\t\t\t<\/div>\n\n\t\n\n<style>\n#row-1470466149 > .col > .col-inner {\n  padding: 30px 0px 0px 0px;\n}\n<\/style>\n<\/div>\n\t\t<\/div>\n\n\t\t\n<style>\n#section_1600336895 {\n  padding-top: 30px;\n  padding-bottom: 30px;\n  background-color: rgba(237, 19, 19, 0.07);\n}\n<\/style>\n\t<\/section>\n\t\n\n\t<section class=\"section\" id=\"section_595695808\">\n\t\t<div class=\"section-bg fill\" >\n\t\t\t\t\t\t\t\t\t\n\t\t\t\n\n\t\t<\/div>\n\n\t\t\n\n\t\t<div class=\"section-content relative\">\n\t\t\t\n<div class=\"row row-full-width\"  id=\"row-2073134232\">\n\n\t<div id=\"col-926513384\" class=\"col medium-6 small-12 large-6\"  >\n\t\t\t\t<div class=\"col-inner\"  >\n\t\t\t\n\t\t\t\n<div style=\"width: 1020px;\" class=\"wp-video\"><video class=\"wp-video-shortcode\" id=\"video-33541-14\" width=\"1020\" height=\"1020\" preload=\"metadata\" controls=\"controls\"><source type=\"video\/mp4\" src=\"https:\/\/deftech.ch\/wp-content\/uploads\/2022\/09\/deftech-academy15marches__Q05-Conclusion.mp4?_=14\" \/><a href=\"https:\/\/deftech.ch\/wp-content\/uploads\/2022\/09\/deftech-academy15marches__Q05-Conclusion.mp4\">https:\/\/deftech.ch\/wp-content\/uploads\/2022\/09\/deftech-academy15marches__Q05-Conclusion.mp4<\/a><\/video><\/div>\n\t\t<\/div>\n\t\t\t\t\t<\/div>\n\n\t\n\n\t<div id=\"col-936131146\" class=\"col medium-6 small-12 large-6\"  >\n\t\t\t\t<div class=\"col-inner\"  >\n\t\t\t\n\t\t\t\n<h1><span style=\"color: #ff0000;\">3. La prospective et la soci\u00e9t\u00e9<\/span><\/h1>\n<p>Les \u00e9volutions technologiques ne sont qu\u2019une des dynamiques qui font changer la soci\u00e9t\u00e9. Soyons aussi \u00e0 l\u2019\u00e9coute des autres mouvements pour imaginer comment ces technologies seront utilis\u00e9es, mais aussi comment elles feront changer la soci\u00e9t\u00e9.<\/p>\n\t\t<\/div>\n\t\t\t\t\t<\/div>\n\n\t\n\n<style>\n#row-2073134232 > .col > .col-inner {\n  padding: 30px 0px 0px 0px;\n}\n<\/style>\n<\/div>\n\t<div id=\"gap-1685747338\" class=\"gap-element clearfix\" style=\"display:block; height:auto;\">\n\t\t\n<style>\n#gap-1685747338 {\n  padding-top: 55px;\n}\n<\/style>\n\t<\/div>\n\t\n\t\t<\/div>\n\n\t\t\n<style>\n#section_595695808 {\n  padding-top: 30px;\n  padding-bottom: 30px;\n}\n<\/style>\n\t<\/section>\n\t\n\n\t<section class=\"section\" id=\"section_943677732\">\n\t\t<div class=\"section-bg fill\" >\n\t\t\t\t\t\t\t\t\t\n\t\t\t\n\n\t\t<\/div>\n\n\t\t\n\n\t\t<div class=\"section-content relative\">\n\t\t\t\n<span class=\"scroll-to\" data-label=\"Scroll to: #tendances\" data-bullet=\"true\" data-link=\"#tendances\" data-title=\"D\u00e9crypter les tendances\"><a name=\"tendances\"><\/a><\/span>\n<div class=\"container section-title-container\" ><h1 class=\"section-title section-title-center\"><b aria-hidden=\"true\"><\/b><span class=\"section-title-main\" style=\"font-size:116%;color:rgb(42, 70, 48);\">D\u00e9crypter les tendances<\/span><b aria-hidden=\"true\"><\/b><\/h1><\/div>\n<p>Penser les futurs, c&#8217;est trouver de nouvelles grilles de lecture pour comprendre le pr\u00e9sent et ses \u00e9mergences. Nos experts en prospective sont l\u00e0 pour vous en pr\u00e9senter certaines et r\u00e9pondre \u00e0 vos questions.<\/p>\n<div class=\"row row-full-width\"  id=\"row-1428758396\">\n\n\t<div id=\"col-1522627792\" class=\"col medium-6 small-12 large-6\"  >\n\t\t\t\t<div class=\"col-inner\"  >\n\t\t\t\n\t\t\t\n<div style=\"width: 1020px;\" class=\"wp-video\"><video class=\"wp-video-shortcode\" id=\"video-33541-15\" width=\"1020\" height=\"1020\" preload=\"metadata\" controls=\"controls\"><source type=\"video\/mp4\" src=\"https:\/\/deftech.ch\/wp-content\/uploads\/2022\/09\/deftech-academy15marches__N02-Predictions.mp4?_=15\" \/><a href=\"https:\/\/deftech.ch\/wp-content\/uploads\/2022\/09\/deftech-academy15marches__N02-Predictions.mp4\">https:\/\/deftech.ch\/wp-content\/uploads\/2022\/09\/deftech-academy15marches__N02-Predictions.mp4<\/a><\/video><\/div>\n\t<div id=\"gap-581696715\" class=\"gap-element clearfix\" style=\"display:block; height:auto;\">\n\t\t\n<style>\n#gap-581696715 {\n  padding-top: 30px;\n}\n<\/style>\n\t<\/div>\n\t\n<p>Pour aller plus loin :<\/p>\n<ul>\n<li><a href=\"https:\/\/atelierdesfuturs.org\/q058-et-si-la-strategie-etait-lart-dapprendre-en-utilisant-le-futur\/\">Et si la strat\u00e9gie \u00e9tait l\u2019art d\u2019apprendre en utilisant le futur ?<\/a><\/li>\n<li><a href=\"https:\/\/atelierdesfuturs.org\/q032-comment-lier-prospective-et-innovation\/\">Comment lier prospective et innovation ?<\/a><\/li>\n<li><a href=\"https:\/\/atelierdesfuturs.org\/q008-peut-on-connaitre-les-futurs\/\">Peut-on conna\u00eetre le(s) futur(s) ?<\/a><\/li>\n<\/ul>\n\t\t<\/div>\n\t\t\t\t\t<\/div>\n\n\t\n\n\t<div id=\"col-1721399356\" class=\"col medium-6 small-12 large-6\"  >\n\t\t\t\t<div class=\"col-inner\"  >\n\t\t\t\n\t\t\t\n<h2><span style=\"color: #ff0000;\">1. A quoi \u00e7a sert de penser les futurs ?<\/span><\/h2>\n<p>Entre science-fiction et prospective, l\u2019anticipation des futurs est un art difficile. Si l\u2019on ne peut pas pr\u00e9dire le futur, alors, \u00e0 quoi bon imaginer ce qui peut se passer demain ?<\/p>\n\t\t<\/div>\n\t\t\t\t\t<\/div>\n\n\t\n\n<style>\n#row-1428758396 > .col > .col-inner {\n  padding: 30px 0px 0px 0px;\n}\n<\/style>\n<\/div>\n\t\t<\/div>\n\n\t\t\n<style>\n#section_943677732 {\n  padding-top: 30px;\n  padding-bottom: 30px;\n}\n<\/style>\n\t<\/section>\n\t\n\n\t<section class=\"section\" id=\"section_957532418\">\n\t\t<div class=\"section-bg fill\" >\n\t\t\t\t\t\t\t\t\t\n\t\t\t\n\n\t\t<\/div>\n\n\t\t\n\n\t\t<div class=\"section-content relative\">\n\t\t\t\n<div class=\"row row-full-width\"  id=\"row-190678842\">\n\n\t<div id=\"col-246144603\" class=\"col medium-6 small-12 large-6\"  >\n\t\t\t\t<div class=\"col-inner\"  >\n\t\t\t\n\t\t\t\n<h2><span style=\"color: #ff0000;\">2. Tendances, signaux faibles ?<\/span><\/h2>\n<p>\u201dLe futur existe d\u00e9j\u00e0, il est in\u00e9galement r\u00e9parti\u201d, nous disait le romancier William Gibson. En s&#8217;int\u00e9ressant \u00e0 ce qui est \u00e9trange aujourd\u2019hui, on peut trouver les indices d\u2019un futur possible. C\u2019est cela que l\u2019on appelle un signal faible. Alors, ouvrez les yeux, et observez autour de vous !<\/p>\n\t\t<\/div>\n\t\t\t\t\t<\/div>\n\n\t\n\n\t<div id=\"col-1720560566\" class=\"col medium-6 small-12 large-6\"  >\n\t\t\t\t<div class=\"col-inner\"  >\n\t\t\t\n\t\t\t\n<div style=\"width: 1020px;\" class=\"wp-video\"><video class=\"wp-video-shortcode\" id=\"video-33541-16\" width=\"1020\" height=\"1020\" preload=\"metadata\" controls=\"controls\"><source type=\"video\/mp4\" src=\"https:\/\/deftech.ch\/wp-content\/uploads\/2022\/09\/deftech-academy15marches__N03-Signauxfaibles.mp4?_=16\" \/><a href=\"https:\/\/deftech.ch\/wp-content\/uploads\/2022\/09\/deftech-academy15marches__N03-Signauxfaibles.mp4\">https:\/\/deftech.ch\/wp-content\/uploads\/2022\/09\/deftech-academy15marches__N03-Signauxfaibles.mp4<\/a><\/video><\/div>\n\t\t<\/div>\n\t\t\t\t\t<\/div>\n\n\t\n\n<style>\n#row-190678842 > .col > .col-inner {\n  padding: 30px 0px 0px 0px;\n}\n<\/style>\n<\/div>\n\t\t<\/div>\n\n\t\t\n<style>\n#section_957532418 {\n  padding-top: 30px;\n  padding-bottom: 30px;\n  background-color: rgba(237, 19, 19, 0.07);\n}\n<\/style>\n\t<\/section>\n\t\n\n\t<section class=\"section\" id=\"section_448498643\">\n\t\t<div class=\"section-bg fill\" >\n\t\t\t\t\t\t\t\t\t\n\t\t\t\n\n\t\t<\/div>\n\n\t\t\n\n\t\t<div class=\"section-content relative\">\n\t\t\t\n<div class=\"row row-full-width align-bottom\"  id=\"row-1852635698\">\n\n\t<div id=\"col-1835800425\" class=\"col medium-6 small-12 large-6\"  >\n\t\t\t\t<div class=\"col-inner\"  >\n\t\t\t\n\t\t\t\n<audio class=\"wp-audio-shortcode\" id=\"audio-33541-1\" preload=\"none\" style=\"width: 100%;\" controls=\"controls\"><source type=\"audio\/mpeg\" src=\"https:\/\/deftech.ch\/wp-content\/uploads\/2022\/09\/Cygnes-noirs-E\u0301le\u0301phants-Me\u0301duses.mp3?_=1\" \/><a href=\"https:\/\/deftech.ch\/wp-content\/uploads\/2022\/09\/Cygnes-noirs-E\u0301le\u0301phants-Me\u0301duses.mp3\">https:\/\/deftech.ch\/wp-content\/uploads\/2022\/09\/Cygnes-noirs-E\u0301le\u0301phants-Me\u0301duses.mp3<\/a><\/audio>\n\t<div id=\"gap-1018835495\" class=\"gap-element clearfix\" style=\"display:block; height:auto;\">\n\t\t\n<style>\n#gap-1018835495 {\n  padding-top: 30px;\n}\n<\/style>\n\t<\/div>\n\t\n<p>Pour aller plus loin :<\/p>\n<ul>\n<li><a href=\"https:\/\/atelierdesfuturs.org\/q062-comment-distinguer-linconnu-inconnu-de-linconnu-connu-et-du-connu-inconnu\/\">Comment distinguer l\u2019inconnu-inconnu de l\u2019inconnu-connu et du connu-inconnu ?<\/a><\/li>\n<\/ul>\n\t\t<\/div>\n\t\t\t\t\t<\/div>\n\n\t\n\n\t<div id=\"col-876792339\" class=\"col medium-6 small-12 large-6\"  >\n\t\t\t\t<div class=\"col-inner\"  >\n\t\t\t\n\t\t\t\n<h2><span style=\"color: #ff0000;\">3. Cygnes noirs, m\u00e9duses noires et \u00e9l\u00e9phants noirs<\/span><\/h2>\n<p>Pendant longtemps, les Europ\u00e9ens furent persuad\u00e9s qu\u2019un cygne devait n\u00e9cessairement \u00eatre blanc (puisque tous les cygnes observ\u00e9s jusque-l\u00e0 \u00e9taient blancs), jusqu\u2019au jour o\u00f9 lors d\u2019une exp\u00e9dition en Australie, un premier cygne noir f\u00fbt d\u00e9couvert. Bienvenue dans l\u2019inconnu inconnu !<\/p>\n<p>Thomas Gauthier, professeur \u00e0 l&#8217;EM Lyon, nous explique comment \u00e9tudier notre \u00e9poque avec ses ruptures ou ses \u00e9mergences. Pour cela, on peut observer autour de soi pour tenter d&#8217;observer :<\/p>\n<ol>\n<li>des \ud83e\udda2 noirs : l&#8217;inconnu inconnu<\/li>\n<li>les \ud83d\udc18 noirs : l&#8217;inconnu connu<\/li>\n<li>les \ud83c\udf90 noires : le connu inconnu<\/li>\n<\/ol>\n\t\t<\/div>\n\t\t\t\t\t<\/div>\n\n\t\n\n<style>\n#row-1852635698 > .col > .col-inner {\n  padding: 30px 0px 0px 0px;\n}\n<\/style>\n<\/div>\n\t<div id=\"gap-272987691\" class=\"gap-element clearfix\" style=\"display:block; height:auto;\">\n\t\t\n<style>\n#gap-272987691 {\n  padding-top: 55px;\n}\n<\/style>\n\t<\/div>\n\t\n\t\t<\/div>\n\n\t\t\n<style>\n#section_448498643 {\n  padding-top: 30px;\n  padding-bottom: 30px;\n}\n<\/style>\n\t<\/section>\n\t\n","protected":false},"excerpt":{"rendered":"<p>Durante questa fase pilota, tutto &egrave; stato fatto esclusivamente in francese. Se siete interessati o curiosi, non esitate a contattarci !<\/p>\n","protected":false},"author":3,"featured_media":33046,"parent":0,"menu_order":0,"comment_status":"closed","ping_status":"closed","template":"","meta":{"jetpack_post_was_ever_published":false,"footnotes":""},"class_list":["post-33541","page","type-page","status-publish","has-post-thumbnail","hentry"],"yoast_head":"<!-- This site is optimized with the Yoast SEO plugin v27.4 - https:\/\/yoast.com\/product\/yoast-seo-wordpress\/ -->\n<title>Academy - Deftech \u00b7 Defence Future Technologies<\/title>\n<meta name=\"robots\" content=\"index, follow, max-snippet:-1, max-image-preview:large, max-video-preview:-1\" \/>\n<link rel=\"canonical\" href=\"https:\/\/deftech.ch\/it\/academy\/\" \/>\n<meta property=\"og:locale\" content=\"it_IT\" \/>\n<meta property=\"og:type\" content=\"article\" \/>\n<meta property=\"og:title\" content=\"Academy - Deftech \u00b7 Defence Future Technologies\" \/>\n<meta property=\"og:description\" content=\"Durante questa fase pilota, tutto &egrave; stato fatto esclusivamente in francese. Se siete interessati o curiosi, non esitate a contattarci !\" \/>\n<meta property=\"og:url\" content=\"https:\/\/deftech.ch\/it\/academy\/\" \/>\n<meta property=\"og:site_name\" content=\"Deftech \u00b7 Defence Future Technologies\" \/>\n<meta property=\"article:modified_time\" content=\"2022-10-03T15:32:42+00:00\" \/>\n<meta property=\"og:image\" content=\"https:\/\/deftech.ch\/wp-content\/uploads\/2022\/08\/deftech-logo-with-text.jpg\" \/>\n\t<meta property=\"og:image:width\" content=\"1560\" \/>\n\t<meta property=\"og:image:height\" content=\"1560\" \/>\n\t<meta property=\"og:image:type\" content=\"image\/jpeg\" \/>\n<meta name=\"twitter:card\" content=\"summary_large_image\" \/>\n<meta name=\"twitter:site\" content=\"@deftechCH\" \/>\n<meta name=\"twitter:label1\" content=\"Tempo di lettura stimato\" \/>\n\t<meta name=\"twitter:data1\" content=\"8 minuti\" \/>\n<script type=\"application\/ld+json\" class=\"yoast-schema-graph\">{\"@context\":\"https:\\\/\\\/schema.org\",\"@graph\":[{\"@type\":\"WebPage\",\"@id\":\"https:\\\/\\\/deftech.ch\\\/it\\\/academy\\\/\",\"url\":\"https:\\\/\\\/deftech.ch\\\/it\\\/academy\\\/\",\"name\":\"Academy - Deftech \u00b7 Defence Future Technologies\",\"isPartOf\":{\"@id\":\"https:\\\/\\\/deftech.ch\\\/#website\"},\"primaryImageOfPage\":{\"@id\":\"https:\\\/\\\/deftech.ch\\\/it\\\/academy\\\/#primaryimage\"},\"image\":{\"@id\":\"https:\\\/\\\/deftech.ch\\\/it\\\/academy\\\/#primaryimage\"},\"thumbnailUrl\":\"https:\\\/\\\/deftech.ch\\\/wp-content\\\/uploads\\\/2022\\\/08\\\/deftech-logo-with-text.jpg\",\"datePublished\":\"2022-09-28T21:10:06+00:00\",\"dateModified\":\"2022-10-03T15:32:42+00:00\",\"breadcrumb\":{\"@id\":\"https:\\\/\\\/deftech.ch\\\/it\\\/academy\\\/#breadcrumb\"},\"inLanguage\":\"it-IT\",\"potentialAction\":[{\"@type\":\"ReadAction\",\"target\":[\"https:\\\/\\\/deftech.ch\\\/it\\\/academy\\\/\"]}]},{\"@type\":\"ImageObject\",\"inLanguage\":\"it-IT\",\"@id\":\"https:\\\/\\\/deftech.ch\\\/it\\\/academy\\\/#primaryimage\",\"url\":\"https:\\\/\\\/deftech.ch\\\/wp-content\\\/uploads\\\/2022\\\/08\\\/deftech-logo-with-text.jpg\",\"contentUrl\":\"https:\\\/\\\/deftech.ch\\\/wp-content\\\/uploads\\\/2022\\\/08\\\/deftech-logo-with-text.jpg\",\"width\":1560,\"height\":1560},{\"@type\":\"BreadcrumbList\",\"@id\":\"https:\\\/\\\/deftech.ch\\\/it\\\/academy\\\/#breadcrumb\",\"itemListElement\":[{\"@type\":\"ListItem\",\"position\":1,\"name\":\"Home\",\"item\":\"https:\\\/\\\/deftech.ch\\\/it\\\/\"},{\"@type\":\"ListItem\",\"position\":2,\"name\":\"Academy\"}]},{\"@type\":\"WebSite\",\"@id\":\"https:\\\/\\\/deftech.ch\\\/#website\",\"url\":\"https:\\\/\\\/deftech.ch\\\/\",\"name\":\"Deftech - Defence Future Technologies\",\"description\":\"Inspire - Inform - Instruct\",\"publisher\":{\"@id\":\"https:\\\/\\\/deftech.ch\\\/#organization\"},\"potentialAction\":[{\"@type\":\"SearchAction\",\"target\":{\"@type\":\"EntryPoint\",\"urlTemplate\":\"https:\\\/\\\/deftech.ch\\\/?s={search_term_string}\"},\"query-input\":{\"@type\":\"PropertyValueSpecification\",\"valueRequired\":true,\"valueName\":\"search_term_string\"}}],\"inLanguage\":\"it-IT\"},{\"@type\":\"Organization\",\"@id\":\"https:\\\/\\\/deftech.ch\\\/#organization\",\"name\":\"Deftech - Defence Future Technologies\",\"alternateName\":\"Foresight Program by armasuisse Science and Technology\",\"url\":\"https:\\\/\\\/deftech.ch\\\/\",\"logo\":{\"@type\":\"ImageObject\",\"inLanguage\":\"it-IT\",\"@id\":\"https:\\\/\\\/deftech.ch\\\/#\\\/schema\\\/logo\\\/image\\\/\",\"url\":\"https:\\\/\\\/i0.wp.com\\\/deftech.ch\\\/wp-content\\\/uploads\\\/2024\\\/09\\\/deftech-white-red-round-background.002.png?fit=1500%2C1500&ssl=1\",\"contentUrl\":\"https:\\\/\\\/i0.wp.com\\\/deftech.ch\\\/wp-content\\\/uploads\\\/2024\\\/09\\\/deftech-white-red-round-background.002.png?fit=1500%2C1500&ssl=1\",\"width\":1500,\"height\":1500,\"caption\":\"Deftech - Defence Future Technologies\"},\"image\":{\"@id\":\"https:\\\/\\\/deftech.ch\\\/#\\\/schema\\\/logo\\\/image\\\/\"},\"sameAs\":[\"https:\\\/\\\/x.com\\\/deftechCH\",\"https:\\\/\\\/linkedin.com\\\/in\\\/ladetto\"]}]}<\/script>\n<!-- \/ Yoast SEO plugin. -->","yoast_head_json":{"title":"Academy - Deftech \u00b7 Defence Future Technologies","robots":{"index":"index","follow":"follow","max-snippet":"max-snippet:-1","max-image-preview":"max-image-preview:large","max-video-preview":"max-video-preview:-1"},"canonical":"https:\/\/deftech.ch\/it\/academy\/","og_locale":"it_IT","og_type":"article","og_title":"Academy - Deftech \u00b7 Defence Future Technologies","og_description":"Durante questa fase pilota, tutto &egrave; stato fatto esclusivamente in francese. Se siete interessati o curiosi, non esitate a contattarci !","og_url":"https:\/\/deftech.ch\/it\/academy\/","og_site_name":"Deftech \u00b7 Defence Future Technologies","article_modified_time":"2022-10-03T15:32:42+00:00","og_image":[{"width":1560,"height":1560,"url":"https:\/\/deftech.ch\/wp-content\/uploads\/2022\/08\/deftech-logo-with-text.jpg","type":"image\/jpeg"}],"twitter_card":"summary_large_image","twitter_site":"@deftechCH","twitter_misc":{"Tempo di lettura stimato":"8 minuti"},"schema":{"@context":"https:\/\/schema.org","@graph":[{"@type":"WebPage","@id":"https:\/\/deftech.ch\/it\/academy\/","url":"https:\/\/deftech.ch\/it\/academy\/","name":"Academy - Deftech \u00b7 Defence Future Technologies","isPartOf":{"@id":"https:\/\/deftech.ch\/#website"},"primaryImageOfPage":{"@id":"https:\/\/deftech.ch\/it\/academy\/#primaryimage"},"image":{"@id":"https:\/\/deftech.ch\/it\/academy\/#primaryimage"},"thumbnailUrl":"https:\/\/deftech.ch\/wp-content\/uploads\/2022\/08\/deftech-logo-with-text.jpg","datePublished":"2022-09-28T21:10:06+00:00","dateModified":"2022-10-03T15:32:42+00:00","breadcrumb":{"@id":"https:\/\/deftech.ch\/it\/academy\/#breadcrumb"},"inLanguage":"it-IT","potentialAction":[{"@type":"ReadAction","target":["https:\/\/deftech.ch\/it\/academy\/"]}]},{"@type":"ImageObject","inLanguage":"it-IT","@id":"https:\/\/deftech.ch\/it\/academy\/#primaryimage","url":"https:\/\/deftech.ch\/wp-content\/uploads\/2022\/08\/deftech-logo-with-text.jpg","contentUrl":"https:\/\/deftech.ch\/wp-content\/uploads\/2022\/08\/deftech-logo-with-text.jpg","width":1560,"height":1560},{"@type":"BreadcrumbList","@id":"https:\/\/deftech.ch\/it\/academy\/#breadcrumb","itemListElement":[{"@type":"ListItem","position":1,"name":"Home","item":"https:\/\/deftech.ch\/it\/"},{"@type":"ListItem","position":2,"name":"Academy"}]},{"@type":"WebSite","@id":"https:\/\/deftech.ch\/#website","url":"https:\/\/deftech.ch\/","name":"Deftech - Defence Future Technologies","description":"Inspire - Inform - Instruct","publisher":{"@id":"https:\/\/deftech.ch\/#organization"},"potentialAction":[{"@type":"SearchAction","target":{"@type":"EntryPoint","urlTemplate":"https:\/\/deftech.ch\/?s={search_term_string}"},"query-input":{"@type":"PropertyValueSpecification","valueRequired":true,"valueName":"search_term_string"}}],"inLanguage":"it-IT"},{"@type":"Organization","@id":"https:\/\/deftech.ch\/#organization","name":"Deftech - Defence Future Technologies","alternateName":"Foresight Program by armasuisse Science and Technology","url":"https:\/\/deftech.ch\/","logo":{"@type":"ImageObject","inLanguage":"it-IT","@id":"https:\/\/deftech.ch\/#\/schema\/logo\/image\/","url":"https:\/\/i0.wp.com\/deftech.ch\/wp-content\/uploads\/2024\/09\/deftech-white-red-round-background.002.png?fit=1500%2C1500&ssl=1","contentUrl":"https:\/\/i0.wp.com\/deftech.ch\/wp-content\/uploads\/2024\/09\/deftech-white-red-round-background.002.png?fit=1500%2C1500&ssl=1","width":1500,"height":1500,"caption":"Deftech - Defence Future Technologies"},"image":{"@id":"https:\/\/deftech.ch\/#\/schema\/logo\/image\/"},"sameAs":["https:\/\/x.com\/deftechCH","https:\/\/linkedin.com\/in\/ladetto"]}]}},"jetpack_sharing_enabled":true,"jetpack_shortlink":"https:\/\/wp.me\/PaO9lW-8IZ","_links":{"self":[{"href":"https:\/\/deftech.ch\/it\/wp-json\/wp\/v2\/pages\/33541","targetHints":{"allow":["GET"]}}],"collection":[{"href":"https:\/\/deftech.ch\/it\/wp-json\/wp\/v2\/pages"}],"about":[{"href":"https:\/\/deftech.ch\/it\/wp-json\/wp\/v2\/types\/page"}],"author":[{"embeddable":true,"href":"https:\/\/deftech.ch\/it\/wp-json\/wp\/v2\/users\/3"}],"replies":[{"embeddable":true,"href":"https:\/\/deftech.ch\/it\/wp-json\/wp\/v2\/comments?post=33541"}],"version-history":[{"count":0,"href":"https:\/\/deftech.ch\/it\/wp-json\/wp\/v2\/pages\/33541\/revisions"}],"wp:featuredmedia":[{"embeddable":true,"href":"https:\/\/deftech.ch\/it\/wp-json\/wp\/v2\/media\/33046"}],"wp:attachment":[{"href":"https:\/\/deftech.ch\/it\/wp-json\/wp\/v2\/media?parent=33541"}],"curies":[{"name":"wp","href":"https:\/\/api.w.org\/{rel}","templated":true}]}}